{"id":67,"date":"2026-08-31T14:31:36","date_gmt":"2026-08-31T12:31:36","guid":{"rendered":""},"modified":"2026-08-31T14:31:36","modified_gmt":"2026-08-31T12:31:36","slug":"aktualnosci","status":"publish","type":"page","link":"https:\/\/zlobekbialapodlaska.pl\/smykolas\/aktualnosci\/","title":{"rendered":"Aktualno\u015bci"},"content":{"rendered":"<!-- gs-stylemanager -->\n\n\n<section class=\"wp-section\">\n<div class=\"zh3-wrap-narrow\">\n<div class=\"zh3-section-head\">\n<span class=\"zh3-eyebrow\">aktualno\u015bci<\/span>\n\n\n<h1>Aktualno\u015bci<\/h1>\n<\/div>\n\n\n<div class=\"zh3-shortcode\"><div class=\"odk-news\"><a class=\"odk-news__item\" href=\"https:\/\/zlobekbialapodlaska.pl\/skarbiec-skrzata\/harmonogram-adaptacyjny-dla-zespolu-zlobkow-miejskich-w-bialej-podlaskiej\/\"><span class=\"odk-news__date\">4 sierpnia 2026 <span class=\"odk-news__site\">&middot; Skarbiec Skrzata<\/span><\/span><h3 class=\"odk-news__title\">HARMONOGRAM ADAPTACYJNY DLA ZESPO\u0141U \u017b\u0141OBK\u00d3W MIEJSKICH W BIA\u0141EJ PODLASKIEJ<\/h3><div class=\"odk-news__content\"><p class=\"wp-block-paragraph\"><strong>&nbsp;<\/strong><\/p>\n\n\n\n<p class=\"wp-block-paragraph\">I. <strong>Zebranie informacyjne dla Rodzic\u00f3w<\/strong><\/p>\n\n\n\n<p class=\"wp-block-paragraph\"><strong>\u017b\u0142obek Miejski ,,Skarbiec Skrzata&#8221;&nbsp; &#8211; 27.08.2026 r., godz. 15:00 (Czwartek)<\/strong><\/p>\n\n\n\n<p class=\"wp-block-paragraph\"><strong>\u017b\u0142obek Miejski ,,Maluszkowo&#8221; &#8211; 28.08.2026 r., godz. 15:00 (Pi\u0105tek)<\/strong><\/p>\n\n\n\n<p class=\"wp-block-paragraph\"><strong>\u017b\u0142obek Miejski ,,Akademia Ma\u0142ego Odkrywcy&#8221;- 31.08.2026 r., godz. 15:00&nbsp; (Poniedzia\u0142ek)<\/strong><\/p>\n\n\n\n<p class=\"wp-block-paragraph\"><strong>\u017b\u0142obek Miejski ,,Smykolas&#8221; &#8211; 07.09.2026 r., godz. 15:00 (Poniedzia\u0142ek<\/strong><strong>)<\/strong><\/p>\n\n\n\n<p class=\"wp-block-paragraph\">ETAPY ADAPTACJI<\/p>\n\n\n\n<p class=\"wp-block-paragraph\">II. <strong>Adaptacja na sali \u017c\u0142obkowej dla dzieci nowo przyj\u0119tych od miesi\u0105ca wrze\u015bnia.<\/strong><\/p>\n\n\n\n<p class=\"wp-block-paragraph\"><strong>\u017b\u0142obek Miejski ,,Skarbiec Skrzata&#8221; 27-28.08.2026 r., godz. 15:30 &#8211; 17:30<\/strong><\/p>\n\n\n\n<p class=\"wp-block-paragraph\"><strong>\u017b\u0142obek Miejski ,,Maluszkowo&#8221; 27-28.08.2026 r., godz. 15:30 &#8211; 17:30<\/strong><\/p>\n\n\n\n<p class=\"wp-block-paragraph\"><strong>\u017b\u0142obek Miejski ,,Akademia Ma\u0142ego Odkrywcy&#8221; 27-28.08.2026 r., godz. 15:30 &#8211; 17:30<\/strong><\/p>\n\n\n\n<p class=\"wp-block-paragraph\"><strong>\u017b\u0142obek Miejski ,,Smykolas&#8221; 1-2.09.2026 r., godz. 7:30 &#8211; 10:00<\/strong><\/p>\n\n\n\n<p class=\"has-medium-font-size wp-block-paragraph\">Dzieci kontynuuj\u0105ce pobyt w \u017c\u0142obku przychodz\u0105 zgodnie z godzinami otwarcia plac\u00f3wki.<\/p>\n\n\n\n<p class=\"wp-block-paragraph\">Pobyt trwa oko\u0142o 1-2 godzin. Dziecko jest pod opiek\u0105 rodzica. Jest to czas obserwacji nowego otoczenia i zapoznania si\u0119 dziecka z nowymi osobami.<\/p>\n\n\n\n<p class=\"wp-block-paragraph\">III. <strong>Zasady podczas adaptacji<\/strong><\/p>\n\n\n\n<p class=\"wp-block-paragraph\">&#8211; rodzice wchodz\u0105 na sal\u0119 bez obuwia albo przynosz\u0105 obuwie na zmian\u0119,<\/p>\n\n\n\n<p class=\"wp-block-paragraph\">&#8211; nie korzystaj\u0105 z telefonu kom\u00f3rkowego na sali,<\/p>\n\n\n\n<p class=\"wp-block-paragraph\">&#8211; podczas adaptacji obowi\u0105zuje zakaz wykonywania zdj\u0119\u0107 i nagra\u0144&nbsp; na salach w trosce&nbsp; &nbsp; &nbsp; &nbsp; &nbsp; &nbsp; &nbsp; &nbsp; &nbsp; &nbsp; &nbsp; &nbsp; o prywatno\u015b\u0107 i bezpiecze\u0144stwo wszystkich dzieci,<\/p>\n\n\n\n<p class=\"wp-block-paragraph\">&#8211; dzieci nie spo\u017cywaj\u0105 w\u0142asnych posi\u0142k\u00f3w,<\/p>\n\n\n\n<p class=\"wp-block-paragraph\">&#8211; rodzice sprawuj\u0105 opiek\u0119 nad dzieckiem &#8211; dziecko wyposa\u017cone jest we w\u0142asne picie, pieluszki na zmian\u0119,&nbsp; czynno\u015bci higieniczne wykonuj\u0105 sami rodzice,<\/p>\n\n\n\n<p class=\"wp-block-paragraph\">&#8211; dzieci mog\u0105 mie\u0107 swoj\u0105 maskotk\u0119, kocyk, pieluszk\u0119,<\/p>\n\n\n\n<p class=\"wp-block-paragraph\">&#8211; rodzic zach\u0119ca dziecko do interakcji z opiekunami poprzez inicjowanie zabawy &nbsp; &nbsp; &nbsp; &nbsp; &nbsp; &nbsp; &nbsp; &nbsp; &nbsp; &nbsp; &nbsp; &nbsp; &nbsp; &nbsp; &nbsp; &nbsp; z opiekunk\u0105,<\/p>\n\n\n\n<p class=\"wp-block-paragraph\">&#8211; zak\u0142adamy mo\u017cliwo\u015b\u0107 uczestnictwa obydwojga rodzic\u00f3w,<\/p>\n\n\n\n<p class=\"wp-block-paragraph\">&#8211; w adaptacji mo\u017ce uczestniczy\u0107 inna osoba wskazana przez rodzica: opiekunka, babcia, ciocia.<\/p>\n\n\n\n<p class=\"wp-block-paragraph\">Rodzice podczas zabawy w \u017c\u0142obku powinni by\u0107 ,,cieniem&#8221; dziecka, pod\u0105\u017ca\u0107 za dzieckiem to znaczy:<\/p>\n\n\n\n<p class=\"wp-block-paragraph\">obserwowa\u0107 to co dziecko chce robi\u0107, je\u017celi dziecko czuje si\u0119 swobodnie w sali, bawi si\u0119 samo, to rodzic powinien wspiera\u0107 dziecko obecno\u015bci\u0105, natomiast je\u015bli dziecko p\u0142acze i jest smutne, przytuli\u0107, nie wymusza\u0107 na dziecku kontakt\u00f3w towarzyskich oraz zabaw. Dziecko powinno mie\u0107 przestrze\u0144 zar\u00f3wno fizyczn\u0105 jak i emocjonaln\u0105 by odnale\u017a\u0107 si\u0119 w nowej sytuacji.&nbsp;<\/p>\n\n\n\n<p class=\"wp-block-paragraph\">IV. <strong>Adaptacja bez udzia\u0142u rodzica<\/strong><\/p>\n\n\n\n<p class=\"wp-block-paragraph\">Adaptacja na sali bez udzia\u0142u rodzica (1 tydzie\u0144)<\/p>\n\n\n\n<p class=\"wp-block-paragraph\"><strong>&#8211; <\/strong>Podzia\u0142 dzieci na mniejsze grupy.<\/p>\n\n\n\n<p class=\"wp-block-paragraph\">&#8211; Rodzice z dzie\u0107mi ka\u017cdego dnia przychodz\u0105 na godzin\u0119 ustalon\u0105 w pierwszym dniu adaptacji z opiekunem grupy.<\/p>\n\n\n\n<p class=\"wp-block-paragraph\">&#8211; Rodzice przebywaj\u0105 w pobli\u017cu \u017c\u0142obka, pod telefonem, aby w razie potrzeby wcze\u015bniej odebra\u0107 dziecko.<\/p>\n\n\n\n<p class=\"wp-block-paragraph\">&#8211; Adaptacja na sali trwa oko\u0142o 1- 2&nbsp; godzin w zale\u017cno\u015bci od gotowo\u015bci dziecka.<\/p>\n\n\n\n<p class=\"wp-block-paragraph\">Wyd\u0142u\u017cenie czasu adaptacji (kolejne tygodnie).<\/p>\n\n\n\n<p class=\"wp-block-paragraph\">Czas pobytu dziecka w \u017c\u0142obku wyd\u0142u\u017ca si\u0119 w zale\u017cno\u015bci od predyspozycji dziecka i stopnia zaadaptowania w nowym miejscu. Mo\u017ce trwa\u0107 2-3 godziny lub kr\u00f3cej albo d\u0142u\u017cej. Dziecko zostaje samo w \u017c\u0142obku, jednak rodzice s\u0105 pod telefonem, aby w razie potrzeby wcze\u015bniej odebra\u0107 dziecko. Dziecko zostaje na pierwszy posi\u0142ek w \u017c\u0142obku.<\/p>\n\n\n\n<p class=\"wp-block-paragraph\">Le\u017cakowanie<\/p>\n\n\n\n<p class=\"wp-block-paragraph\">Dzieci zostaj\u0105 na le\u017cakowaniu (w zale\u017cno\u015bci od predyspozycji dziecka i stopnia zaadaptowania si\u0119 dziecka). Na le\u017cakowaniu dzieci mog\u0105 mie\u0107 swoj\u0105 ulubion\u0105 zabawk\u0119, kocyk lub inn\u0105 rzecz u\u0142atwiaj\u0105c\u0105 zasypianie. Proces le\u017cakowania nie powinien rozpoczyna\u0107 si\u0119 od 1 dnia tygodnia (poniedzia\u0142ku) oraz po d\u0142u\u017cszej nieobecno\u015bci dziecka w \u017c\u0142obku.<\/p>\n\n\n\n<p class=\"wp-block-paragraph\">V. <strong>Kiedy dziecko jest zaadaptowane<\/strong><\/p>\n\n\n\n<p class=\"wp-block-paragraph\">wi\u0119kszo\u015b\u0107 dnia nie p\u0142acze,<\/p>\n\n\n\n<p class=\"wp-block-paragraph\">bierze udzia\u0142 w zabawach grupowych,<\/p>\n\n\n\n<p class=\"wp-block-paragraph\">spokojnie rozstaje si\u0119 z rodzicami (a je\u015bli p\u0142acze np. podczas rozstania to jest w stanie w ci\u0105gu kilku minut uspokoi\u0107 si\u0119 przy opiekunce),<\/p>\n\n\n\n<p class=\"wp-block-paragraph\">zjada posi\u0142ki (nie odmawia jedzenia).<\/p>\n\n\n\n<p class=\"wp-block-paragraph\">samo inicjuje kontakt z opiekunami: wyci\u0105ga r\u0105czki, nawi\u0105zuje kontakt wzrokowy, przynosi zabawki itp.,<\/p>\n\n\n\n<p class=\"wp-block-paragraph\">zasypia na le\u017cakowaniu,<\/p>\n\n\n\n<p class=\"wp-block-paragraph\">ch\u0119tnie idzie z domu do \u017c\u0142obka,<\/p>\n\n\n\n<p class=\"wp-block-paragraph\">jest weso\u0142e i radosne.<\/p><\/div><\/a><a class=\"odk-news__item\" href=\"https:\/\/zlobekbialapodlaska.pl\/skarbiec-skrzata\/5031-2\/\"><span class=\"odk-news__date\">26 czerwca 2026 <span class=\"odk-news__site\">&middot; Skarbiec Skrzata<\/span><\/span><h3 class=\"odk-news__title\">Informacja z dnia 26 czerwca 2026<\/h3><div class=\"odk-news__content\"><p>https:\/\/www.gov.pl\/web\/rcb\/jak-przetrwac-upal2<\/p><\/div><\/a><a class=\"odk-news__item\" href=\"https:\/\/zlobekbialapodlaska.pl\/akademia-malego-odkrywcy\/2344-2\/\"><span class=\"odk-news__date\">26 czerwca 2026 <span class=\"odk-news__site\">&middot; Akademia Ma\u0142ego Odkrywcy<\/span><\/span><h3 class=\"odk-news__title\">Informacja z dnia 26 czerwca 2026<\/h3><div class=\"odk-news__content\"><p>https:\/\/www.gov.pl\/web\/rcb\/jak-przetrwac-upal2<\/p><\/div><\/a><a class=\"odk-news__item\" href=\"https:\/\/zlobekbialapodlaska.pl\/skarbiec-skrzata\/5006-2\/\"><span class=\"odk-news__date\">23 czerwca 2026 <span class=\"odk-news__site\">&middot; Skarbiec Skrzata<\/span><\/span><h3 class=\"odk-news__title\">Informacja z dnia 23 czerwca 2026<\/h3><\/a><a class=\"odk-news__item\" href=\"https:\/\/zlobekbialapodlaska.pl\/akademia-malego-odkrywcy\/2335-2\/\"><span class=\"odk-news__date\">23 czerwca 2026 <span class=\"odk-news__site\">&middot; Akademia Ma\u0142ego Odkrywcy<\/span><\/span><h3 class=\"odk-news__title\">Informacja z dnia 23 czerwca 2026<\/h3><\/a><a class=\"odk-news__item\" href=\"https:\/\/zlobekbialapodlaska.pl\/skarbiec-skrzata\/5003-2\/\"><span class=\"odk-news__date\">23 czerwca 2026 <span class=\"odk-news__site\">&middot; Skarbiec Skrzata<\/span><\/span><h3 class=\"odk-news__title\">Informacja z dnia 23 czerwca 2026<\/h3><\/a><a class=\"odk-news__item\" href=\"https:\/\/zlobekbialapodlaska.pl\/skarbiec-skrzata\/4998-2\/\"><span class=\"odk-news__date\">19 czerwca 2026 <span class=\"odk-news__site\">&middot; Skarbiec Skrzata<\/span><\/span><h3 class=\"odk-news__title\">Informacja z dnia 19 czerwca 2026<\/h3><div class=\"odk-news__content\"><div class=\"xdj266r x14z9mp xat24cr x1lziwak x1vvkbs x126k92a\">\n<div dir=\"auto\">Zapraszamy do udzia\u0142u w najbli\u017csz\u0105 sobot\u0119 w pierwszym pikniku<\/div>\n<div dir=\"auto\">edukacyjnym, kt\u00f3ry odb\u0119dzie si\u0119 na Placu Wolno\u015bci w Bia\u0142ej Podlaskiej w godz. 10:00-12:00<\/div>\n<\/div>\n<div class=\"x14z9mp xat24cr x1lziwak x1vvkbs xtlvy1s x126k92a\">\n<div dir=\"auto\">Wydarzenie to jest cz\u0119\u015bci\u0105 Akademii Ochrony Ludno\u015bci i Obrony Cywilnej \u2013 programu edukacji powszechnej realizowanego przez Ministerstwo Spraw Wewn\u0119trznych i Administracji, kt\u00f3rego celem jest wdra\u017canie nowych rozwi\u0105za\u0144 w zakresie bezpiecze\u0144stwa obywateli.<\/div>\n<div dir=\"auto\">Podczas pikniku powstan\u0105 specjalne stanowiska tematyczne. Uczestnicy b\u0119d\u0105 mogli nie tylko zdoby\u0107 cenn\u0105 wiedz\u0119 teoretyczn\u0105, ale przede wszystkim praktycznie prze\u0107wiczy\u0107 podstawowe czynno\u015bci ratownicze pod okiem do\u015bwiadczonych instruktor\u00f3w oraz przedstawicieli s\u0142u\u017cb.<\/div>\n<\/div>\n<div class=\"x14z9mp xat24cr x1lziwak x1vvkbs xtlvy1s x126k92a\">\n<div dir=\"auto\">W akcj\u0119 aktywnie w\u0142\u0105czy\u0142y si\u0119 lokalne formacje, instytucje i s\u0142u\u017cby<\/div>\n<div dir=\"auto\">ratunkowe, w tym:<\/div>\n<\/div>\n<div class=\"x14z9mp xat24cr x1lziwak x1vvkbs xtlvy1s x126k92a\">\n<ul>\n<li dir=\"auto\">Komenda Miejska Pa\u0144stwowej Stra\u017cy Po\u017carnej w Bia\u0142ej Podlaskiej,<\/li>\n<\/ul>\n<\/div>\n<div class=\"x14z9mp xat24cr x1lziwak x1vvkbs xtlvy1s x126k92a\">\n<ul>\n<li>Wodne Ochotnicze Pogotowie Ratunkowe (WOPR),<\/li>\n<\/ul>\n<\/div>\n<div class=\"x14z9mp xat24cr x1lziwak x1vvkbs xtlvy1s x126k92a\">\n<ul>\n<li dir=\"auto\">Stacja Pogotowia Ratunkowego SP ZOZ,<\/li>\n<\/ul>\n<\/div>\n<div class=\"x14z9mp xat24cr x1lziwak x1vvkbs xtlvy1s x126k92a\">\n<ul>\n<li dir=\"auto\">Komenda Miejska Policji w Bia\u0142ej Podlaskiej,<\/li>\n<\/ul>\n<\/div>\n<div class=\"x14z9mp xat24cr x1lziwak x1vvkbs xtlvy1s x126k92a\">\n<ul>\n<li dir=\"auto\">Wojskowe Centrum Rekrutacji (WCR) Bia\u0142a Podlaska,<\/li>\n<\/ul>\n<\/div>\n<div class=\"x14z9mp xat24cr x1lziwak x1vvkbs xtlvy1s x126k92a\">\n<ul>\n<li dir=\"auto\">Polski Czerwony Krzy\u017c (PCK) Bia\u0142a Podlaska,<\/li>\n<\/ul>\n<\/div>\n<div class=\"x14z9mp xat24cr x1lziwak x1vvkbs xtlvy1s x126k92a\">\n<ul>\n<li dir=\"auto\">Stra\u017c Miejska Bia\u0142a Podlaska.<\/li>\n<\/ul>\n<\/div>\n<div class=\"x14z9mp xat24cr x1lziwak x1vvkbs xtlvy1s x126k92a\">\n<div dir=\"auto\">Do udzia\u0142u w wydarzeniu i wsp\u00f3lnej nauki ratowania ludzkiego \u017cycia<\/div>\n<div dir=\"auto\">serdecznie zaprasza Prezydent Miasta Micha\u0142 Litwiniuk.<\/div>\n<\/div>\n<div class=\"x14z9mp xat24cr x1lziwak x1vvkbs xtlvy1s x126k92a\">\n<div dir=\"auto\">Szczeg\u00f3\u0142y wydarzenia znajduj\u0105 si\u0119 na stronie internetowej miasta Bia\u0142a<\/div>\n<div dir=\"auto\">Podlaska oraz na profilu FB.<\/div>\n\n\n<\/div><\/div><\/a><a class=\"odk-news__item\" href=\"https:\/\/zlobekbialapodlaska.pl\/skarbiec-skrzata\/4994-2\/\"><span class=\"odk-news__date\">19 czerwca 2026 <span class=\"odk-news__site\">&middot; Skarbiec Skrzata<\/span><\/span><h3 class=\"odk-news__title\">Informacja z dnia 19 czerwca 2026<\/h3><div class=\"odk-news__content\"><p>Dyrektor Zespo\u0142u \u017b\u0142obk\u00f3w Miejskich informuje, \u017ce w miejskich \u017c\u0142obkach s\u0105 dost\u0119pne miejsca dla dzieci.<strong>\u00a0<\/strong><\/p>\n<p><strong>Jednocze\u015bnie informujemy, \u017ce rozpocz\u0119\u0142a si\u0119 rekrutacja do nowo powstaj\u0105cego<\/strong><\/p>\n<p><strong>\u017c\u0142obka przy ul. Ceglanej 2A. Nowa plac\u00f3wka rozpocznie swoj\u0105 dzia\u0142alno\u015b\u0107 od wrze\u015bnia 2026 roku.<\/strong><\/p>\n<p>Zach\u0119camy rodzic\u00f3w i opiekun\u00f3w do zapoznania si\u0119 z ofert\u0105 oraz do sk\u0142adania wniosk\u00f3w rekrutacyjnych.<\/p><\/div><\/a><a class=\"odk-news__item\" href=\"https:\/\/zlobekbialapodlaska.pl\/akademia-malego-odkrywcy\/2326-2\/\"><span class=\"odk-news__date\">19 czerwca 2026 <span class=\"odk-news__site\">&middot; Akademia Ma\u0142ego Odkrywcy<\/span><\/span><h3 class=\"odk-news__title\">Informacja z dnia 19 czerwca 2026<\/h3><div class=\"odk-news__content\"><p>Dyrektor Zespo\u0142u \u017b\u0142obk\u00f3w Miejskich informuje, \u017ce w miejskich \u017c\u0142obkach s\u0105 dost\u0119pne miejsca dla dzieci.<\/p>\n<p><strong>Jednocze\u015bnie informujemy, \u017ce rozpocz\u0119\u0142a si\u0119 rekrutacja do nowo powstaj\u0105cego<\/strong><\/p>\n<p><strong>\u017c\u0142obka przy ul. Ceglanej 2A. Nowa plac\u00f3wka rozpocznie swoj\u0105 dzia\u0142alno\u015b\u0107 od wrze\u015bnia 2026 roku.<\/strong><\/p>\n<p>Zach\u0119camy rodzic\u00f3w i opiekun\u00f3w do zapoznania si\u0119 z ofert\u0105 oraz do sk\u0142adania wniosk\u00f3w rekrutacyjnych.<\/p><\/div><\/a><a class=\"odk-news__item\" href=\"https:\/\/zlobekbialapodlaska.pl\/skarbiec-skrzata\/4966-2\/\"><span class=\"odk-news__date\">9 czerwca 2026 <span class=\"odk-news__site\">&middot; Skarbiec Skrzata<\/span><\/span><h3 class=\"odk-news__title\">Informacja z dnia 9 czerwca 2026<\/h3><\/a><a class=\"odk-news__item\" href=\"https:\/\/zlobekbialapodlaska.pl\/skarbiec-skrzata\/4939-2\/\"><span class=\"odk-news__date\">1 czerwca 2026 <span class=\"odk-news__site\">&middot; Skarbiec Skrzata<\/span><\/span><h3 class=\"odk-news__title\">Informacja z dnia 1 czerwca 2026<\/h3><\/a><a class=\"odk-news__item\" href=\"https:\/\/zlobekbialapodlaska.pl\/skarbiec-skrzata\/4935-2\/\"><span class=\"odk-news__date\">28 maja 2026 <span class=\"odk-news__site\">&middot; Skarbiec Skrzata<\/span><\/span><h3 class=\"odk-news__title\">Informacja z dnia 28 maja 2026<\/h3><\/a><a class=\"odk-news__item\" href=\"https:\/\/zlobekbialapodlaska.pl\/skarbiec-skrzata\/oferta-pracy\/\"><span class=\"odk-news__date\">28 maja 2026 <span class=\"odk-news__site\">&middot; Skarbiec Skrzata<\/span><\/span><h3 class=\"odk-news__title\">Oferta pracy<\/h3><div class=\"odk-news__content\"><div class=\"entry-content\">\n<p>Dokumenty do\u00a0pobrania znajduj\u0105 si\u0119 w\u00a0linku poni\u017cej:<\/p>\n<p><strong>https:\/\/zzmbp.bip.gov.pl\/nabor-do-pracy\/nabor-na-wolne-stanowisko-mlodszy-opiekun.html<\/strong><\/p>\n\n\n\n<\/div><\/div><\/a><a class=\"odk-news__item\" href=\"https:\/\/zlobekbialapodlaska.pl\/akademia-malego-odkrywcy\/oferta-pracy\/\"><span class=\"odk-news__date\">28 maja 2026 <span class=\"odk-news__site\">&middot; Akademia Ma\u0142ego Odkrywcy<\/span><\/span><h3 class=\"odk-news__title\">Oferta pracy<\/h3><div class=\"odk-news__content\"><p>Dokumenty do pobrania znajduj\u0105 si\u0119 w linku poni\u017cej:<\/p>\n<p><span style=\"color: #EA0000\"><strong><span style=\"color: #000080\">https:\/\/zzmbp.bip.gov.pl\/nabor-do-pracy\/nabor-na-wolne-stanowisko-mlodszy-opiekun.html<\/span><\/strong><\/span><\/p><\/div><\/a><a class=\"odk-news__item\" href=\"https:\/\/zlobekbialapodlaska.pl\/skarbiec-skrzata\/4918-2\/\"><span class=\"odk-news__date\">26 maja 2026 <span class=\"odk-news__site\">&middot; Skarbiec Skrzata<\/span><\/span><h3 class=\"odk-news__title\">Informacja z dnia 26 maja 2026<\/h3><\/a><\/div><div class=\"odk-albums-pager\"><span aria-current=\"page\" class=\"page-numbers current\">1<\/span>\n<a class=\"page-numbers\" href=\"https:\/\/zlobekbialapodlaska.pl\/smykolas\/wp-json\/wp\/v2\/pages\/67\/page\/2\/\">2<\/a>\n<a class=\"next page-numbers\" href=\"https:\/\/zlobekbialapodlaska.pl\/smykolas\/wp-json\/wp\/v2\/pages\/67\/page\/2\/\">starsze &rarr;<\/a><\/div><\/div>\n<\/div>\n<\/section>\n","protected":false},"excerpt":{"rendered":"","protected":false},"author":1,"featured_media":0,"parent":0,"menu_order":0,"comment_status":"closed","ping_status":"closed","template":"","meta":{"_gspb_post_css":".wp-section{display:flex;justify-content:center;flex-direction:column;align-items:center;padding-right:min(3vw, 20px);padding-left:min(3vw, 20px);padding-top:78px;padding-bottom:70px;margin-top:0px;margin-bottom:0px;position:relative;}\n.zh3-wrap{max-width:100%;width:1180px;box-sizing:border-box;}\n.zh3-wrap-narrow{max-width:100%;width:900px;box-sizing:border-box;}\n.zh3-section-head{text-align:center;margin:0 0 36px;}\n.zh3-section-head h1{font-family:'Baloo 2',sans-serif;font-weight:700;color:#33291F;line-height:1.2;font-size:2.1rem;margin:0;}\n.zh3-eyebrow{font-family:'Baloo 2',sans-serif;color:var(--odk-secondary-dark,#883e2d);font-weight:700;letter-spacing:.3px;font-size:1.15rem;line-height:1.3;margin:0 0 4px;display:block;}\n.zh3-gallery-grid{display:grid;grid-template-columns:repeat(4, 1fr);gap:16px;margin-bottom:16px;}@media (max-width:900px){.zh3-gallery-grid{grid-template-columns:repeat(2, 1fr);}}\n.zh3-gallery-grid img{width:100%;height:220px;object-fit:cover;border-radius:18px;display:block;}","footnotes":""},"class_list":["post-67","page","type-page","status-publish","hentry"],"blocksy_meta":{"has_hero_section":"disabled","styles_descriptor":{"styles":{"desktop":"","tablet":"","mobile":""},"google_fonts":[],"version":7}},"aioseo_notices":[],"aioseo_head":"\n\t\t<!-- All in One SEO 5.0.1.1 - aioseo.com -->\n\t<meta name=\"robots\" content=\"max-image-preview:large\" \/>\n\t<link rel=\"canonical\" href=\"https:\/\/zlobekbialapodlaska.pl\/smykolas\/wp-json\/wp\/v2\/pages\/67\/\" \/>\n\t<meta name=\"generator\" content=\"All in One SEO (AIOSEO) 5.0.1.1\" \/>\n\t\t<meta property=\"og:locale\" content=\"pl_PL\" \/>\n\t\t<meta property=\"og:site_name\" content=\"Smykolas - \u017b\u0142obek Miejski w Bia\u0142ej Podlaskiej\" \/>\n\t\t<meta property=\"og:type\" content=\"article\" \/>\n\t\t<meta property=\"og:title\" content=\"- Smykolas\" \/>\n\t\t<meta property=\"og:url\" content=\"https:\/\/zlobekbialapodlaska.pl\/smykolas\/wp-json\/wp\/v2\/pages\/67\/\" \/>\n\t\t<meta property=\"article:published_time\" content=\"2026-05-21T11:32:25+00:00\" \/>\n\t\t<meta property=\"article:modified_time\" content=\"2026-05-21T11:32:25+00:00\" \/>\n\t\t<meta name=\"twitter:card\" content=\"summary_large_image\" \/>\n\t\t<script type=\"application\/ld+json\" class=\"aioseo-schema\">\n\t\t\t{\"@context\":\"https:\\\/\\\/schema.org\",\"@graph\":[{\"@type\":\"BlogPosting\",\"@id\":\"https:\\\/\\\/zlobekbialapodlaska.pl\\\/smykolas\\\/wp-json\\\/wp\\\/v2\\\/pages\\\/67\\\/#blogposting\",\"name\":\"- Smykolas\",\"publisher\":{\"@id\":\"https:\\\/\\\/zlobekbialapodlaska.pl\\\/smykolas\\\/#organization\"},\"image\":{\"@type\":\"ImageObject\",\"url\":\"https:\\\/\\\/zlobekbialapodlaska.pl\\\/skarbiec-skrzata\\\/wp-content\\\/uploads\\\/sites\\\/3\\\/2026\\\/05\\\/CDf9PMnP.jpg\",\"@id\":\"https:\\\/\\\/zlobekbialapodlaska.pl\\\/smykolas\\\/wp-json\\\/wp\\\/v2\\\/pages\\\/67\\\/#articleImage\"},\"datePublished\":\"2026-05-21T11:32:25+02:00\",\"dateModified\":\"2026-05-21T11:32:25+02:00\",\"inLanguage\":\"pl-PL\",\"mainEntityOfPage\":{\"@id\":\"https:\\\/\\\/zlobekbialapodlaska.pl\\\/smykolas\\\/wp-json\\\/wp\\\/v2\\\/pages\\\/67\\\/#webpage\"},\"isPartOf\":{\"@id\":\"https:\\\/\\\/zlobekbialapodlaska.pl\\\/smykolas\\\/wp-json\\\/wp\\\/v2\\\/pages\\\/67\\\/#webpage\"}},{\"@type\":\"BreadcrumbList\",\"@id\":\"https:\\\/\\\/zlobekbialapodlaska.pl\\\/smykolas\\\/wp-json\\\/wp\\\/v2\\\/pages\\\/67\\\/#breadcrumblist\",\"itemListElement\":[{\"@type\":\"ListItem\",\"@id\":\"https:\\\/\\\/zlobekbialapodlaska.pl\\\/smykolas#listItem\",\"position\":1,\"name\":\"Home\",\"item\":\"https:\\\/\\\/zlobekbialapodlaska.pl\\\/smykolas\",\"nextItem\":{\"@type\":\"ListItem\",\"@id\":\"https:\\\/\\\/zlobekbialapodlaska.pl\\\/smykolas\\\/aktualnosci\\\/#listItem\",\"name\":\"Aktualno\\u015bci\"}},{\"@type\":\"ListItem\",\"@id\":\"https:\\\/\\\/zlobekbialapodlaska.pl\\\/smykolas\\\/aktualnosci\\\/#listItem\",\"position\":2,\"name\":\"Aktualno\\u015bci\",\"previousItem\":{\"@type\":\"ListItem\",\"@id\":\"https:\\\/\\\/zlobekbialapodlaska.pl\\\/smykolas#listItem\",\"name\":\"Home\"}}]},{\"@type\":\"Organization\",\"@id\":\"https:\\\/\\\/zlobekbialapodlaska.pl\\\/smykolas\\\/#organization\",\"name\":\"Smykolas\",\"description\":\"\\u017b\\u0142obek Miejski w Bia\\u0142ej Podlaskiej\",\"url\":\"https:\\\/\\\/zlobekbialapodlaska.pl\\\/smykolas\\\/\"},{\"@type\":\"WebPage\",\"@id\":\"https:\\\/\\\/zlobekbialapodlaska.pl\\\/smykolas\\\/wp-json\\\/wp\\\/v2\\\/pages\\\/67\\\/#webpage\",\"url\":\"https:\\\/\\\/zlobekbialapodlaska.pl\\\/smykolas\\\/wp-json\\\/wp\\\/v2\\\/pages\\\/67\\\/\",\"name\":\"- Smykolas\",\"inLanguage\":\"pl-PL\",\"isPartOf\":{\"@id\":\"https:\\\/\\\/zlobekbialapodlaska.pl\\\/smykolas\\\/#website\"},\"breadcrumb\":{\"@id\":\"https:\\\/\\\/zlobekbialapodlaska.pl\\\/smykolas\\\/wp-json\\\/wp\\\/v2\\\/pages\\\/67\\\/#breadcrumblist\"},\"datePublished\":\"2026-05-21T11:32:25+02:00\",\"dateModified\":\"2026-05-21T11:32:25+02:00\"},{\"@type\":\"WebSite\",\"@id\":\"https:\\\/\\\/zlobekbialapodlaska.pl\\\/smykolas\\\/#website\",\"url\":\"https:\\\/\\\/zlobekbialapodlaska.pl\\\/smykolas\\\/\",\"name\":\"Smykolas\",\"description\":\"\\u017b\\u0142obek Miejski w Bia\\u0142ej Podlaskiej\",\"inLanguage\":\"pl-PL\",\"publisher\":{\"@id\":\"https:\\\/\\\/zlobekbialapodlaska.pl\\\/smykolas\\\/#organization\"}}]}\n\t\t<\/script>\n\t\t<!-- All in One SEO -->\n\n","aioseo_head_json":{"title":"- Smykolas","description":"","canonical_url":"https:\/\/zlobekbialapodlaska.pl\/smykolas\/wp-json\/wp\/v2\/pages\/67\/","robots":"max-image-preview:large","keywords":"","webmasterTools":{"miscellaneous":""},"schema":{"@context":"https:\/\/schema.org","@graph":[{"@type":"BlogPosting","@id":"https:\/\/zlobekbialapodlaska.pl\/smykolas\/wp-json\/wp\/v2\/pages\/67\/#blogposting","name":"- Smykolas","publisher":{"@id":"https:\/\/zlobekbialapodlaska.pl\/smykolas\/#organization"},"image":{"@type":"ImageObject","url":"https:\/\/zlobekbialapodlaska.pl\/skarbiec-skrzata\/wp-content\/uploads\/sites\/3\/2026\/05\/CDf9PMnP.jpg","@id":"https:\/\/zlobekbialapodlaska.pl\/smykolas\/wp-json\/wp\/v2\/pages\/67\/#articleImage"},"datePublished":"2026-05-21T11:32:25+02:00","dateModified":"2026-05-21T11:32:25+02:00","inLanguage":"pl-PL","mainEntityOfPage":{"@id":"https:\/\/zlobekbialapodlaska.pl\/smykolas\/wp-json\/wp\/v2\/pages\/67\/#webpage"},"isPartOf":{"@id":"https:\/\/zlobekbialapodlaska.pl\/smykolas\/wp-json\/wp\/v2\/pages\/67\/#webpage"}},{"@type":"BreadcrumbList","@id":"https:\/\/zlobekbialapodlaska.pl\/smykolas\/wp-json\/wp\/v2\/pages\/67\/#breadcrumblist","itemListElement":[{"@type":"ListItem","@id":"https:\/\/zlobekbialapodlaska.pl\/smykolas#listItem","position":1,"name":"Home","item":"https:\/\/zlobekbialapodlaska.pl\/smykolas","nextItem":{"@type":"ListItem","@id":"https:\/\/zlobekbialapodlaska.pl\/smykolas\/aktualnosci\/#listItem","name":"Aktualno\u015bci"}},{"@type":"ListItem","@id":"https:\/\/zlobekbialapodlaska.pl\/smykolas\/aktualnosci\/#listItem","position":2,"name":"Aktualno\u015bci","previousItem":{"@type":"ListItem","@id":"https:\/\/zlobekbialapodlaska.pl\/smykolas#listItem","name":"Home"}}]},{"@type":"Organization","@id":"https:\/\/zlobekbialapodlaska.pl\/smykolas\/#organization","name":"Smykolas","description":"\u017b\u0142obek Miejski w Bia\u0142ej Podlaskiej","url":"https:\/\/zlobekbialapodlaska.pl\/smykolas\/"},{"@type":"WebPage","@id":"https:\/\/zlobekbialapodlaska.pl\/smykolas\/wp-json\/wp\/v2\/pages\/67\/#webpage","url":"https:\/\/zlobekbialapodlaska.pl\/smykolas\/wp-json\/wp\/v2\/pages\/67\/","name":"- Smykolas","inLanguage":"pl-PL","isPartOf":{"@id":"https:\/\/zlobekbialapodlaska.pl\/smykolas\/#website"},"breadcrumb":{"@id":"https:\/\/zlobekbialapodlaska.pl\/smykolas\/wp-json\/wp\/v2\/pages\/67\/#breadcrumblist"},"datePublished":"2026-05-21T11:32:25+02:00","dateModified":"2026-05-21T11:32:25+02:00"},{"@type":"WebSite","@id":"https:\/\/zlobekbialapodlaska.pl\/smykolas\/#website","url":"https:\/\/zlobekbialapodlaska.pl\/smykolas\/","name":"Smykolas","description":"\u017b\u0142obek Miejski w Bia\u0142ej Podlaskiej","inLanguage":"pl-PL","publisher":{"@id":"https:\/\/zlobekbialapodlaska.pl\/smykolas\/#organization"}}]},"og:locale":"pl_PL","og:site_name":"Smykolas - \u017b\u0142obek Miejski w Bia\u0142ej Podlaskiej","og:type":"article","og:title":"- Smykolas","og:url":"https:\/\/zlobekbialapodlaska.pl\/smykolas\/wp-json\/wp\/v2\/pages\/67\/","article:published_time":"2026-05-21T11:32:25+00:00","article:modified_time":"2026-05-21T11:32:25+00:00","twitter:card":"summary_large_image"},"aioseo_meta_data":{"post_id":"67","title":null,"description":null,"keywords":null,"keyphrases":{"focus":[],"additional":[]},"primary_term":null,"canonical_url":null,"og_title":null,"og_description":null,"og_object_type":"default","og_image_type":"default","og_image_custom_url":null,"og_image_custom_fields":null,"og_image_url":null,"og_image_width":null,"og_image_height":null,"og_video":null,"og_custom_url":null,"og_article_section":null,"og_article_tags":null,"twitter_use_og":false,"twitter_card":"default","twitter_image_type":"default","twitter_image_custom_url":null,"twitter_image_custom_fields":null,"twitter_image_url":null,"twitter_title":null,"twitter_description":null,"schema_type":"default","schema_type_options":null,"schema":{"blockGraphs":[],"customGraphs":[],"default":{"data":{"Article":[],"Course":[],"Dataset":[],"FAQPage":[],"Movie":[],"Person":[],"Product":[],"ProductReview":[],"Car":[],"Recipe":[],"Service":[],"SoftwareApplication":[],"WebPage":[]},"graphName":"","isEnabled":true},"graphs":[]},"pillar_content":false,"robots_default":true,"robots_noindex":false,"robots_noarchive":false,"robots_nosnippet":false,"robots_nofollow":false,"robots_noimageindex":false,"robots_noodp":false,"robots_notranslate":false,"robots_max_snippet":null,"robots_max_videopreview":null,"robots_max_imagepreview":"large","priority":null,"frequency":null,"local_seo":null,"limit_modified_date":false,"ai":null,"breadcrumb_settings":null,"seo_analyzer_scan_date":null,"created":"2026-08-31 12:36:44","updated":"2026-08-31 13:03:24","focus_keyword":null,"additional_keywords":null,"truseo_locale":null},"aioseo_breadcrumb":"<div class=\"aioseo-breadcrumbs\"><span class=\"aioseo-breadcrumb\">\n\t\t\t<a href=\"https:\/\/zlobekbialapodlaska.pl\/smykolas\" title=\"Home\">Home<\/a>\n\t\t<\/span><span class=\"aioseo-breadcrumb-separator\">&raquo;<\/span><span class=\"aioseo-breadcrumb\">\n\t\t\tAktualno\u015bci\n\t\t<\/span><\/div>","aioseo_breadcrumb_json":[{"label":"Home","link":"https:\/\/zlobekbialapodlaska.pl\/smykolas"},{"label":"Aktualno\u015bci","link":"https:\/\/zlobekbialapodlaska.pl\/smykolas\/aktualnosci\/"}],"_links":{"self":[{"href":"https:\/\/zlobekbialapodlaska.pl\/smykolas\/wp-json\/wp\/v2\/pages\/67","targetHints":{"allow":["GET"]}}],"collection":[{"href":"https:\/\/zlobekbialapodlaska.pl\/smykolas\/wp-json\/wp\/v2\/pages"}],"about":[{"href":"https:\/\/zlobekbialapodlaska.pl\/smykolas\/wp-json\/wp\/v2\/types\/page"}],"author":[{"embeddable":true,"href":"https:\/\/zlobekbialapodlaska.pl\/smykolas\/wp-json\/wp\/v2\/users\/1"}],"replies":[{"embeddable":true,"href":"https:\/\/zlobekbialapodlaska.pl\/smykolas\/wp-json\/wp\/v2\/comments?post=67"}],"version-history":[{"count":0,"href":"https:\/\/zlobekbialapodlaska.pl\/smykolas\/wp-json\/wp\/v2\/pages\/67\/revisions"}],"wp:attachment":[{"href":"https:\/\/zlobekbialapodlaska.pl\/smykolas\/wp-json\/wp\/v2\/media?parent=67"}],"curies":[{"name":"wp","href":"https:\/\/api.w.org\/{rel}","templated":true}]}}